{"id":2,"date":"2013-10-26T14:02:27","date_gmt":"2013-10-26T14:02:27","guid":{"rendered":"https:\/\/www.pauliforma.fi\/rantaradanvarrelta\/?page_id=2"},"modified":"2022-01-08T09:55:50","modified_gmt":"2022-01-08T07:55:50","slug":"about","status":"publish","type":"page","link":"https:\/\/www.pauliforma.fi\/rantaradanvarrelta\/about\/","title":{"rendered":"Blogista"},"content":{"rendered":"<p>Olen pit\u00e4nyt blogia erilaisilla alustoilla noin 20 vuotta. T\u00e4ll\u00e4 hetkell\u00e4 t\u00e4m\u00e4 blogi on ainoa aktiivisena oleva. Vanhempia blogeja ovat <a href=\"https:\/\/www.blogi.pauliforma.fi\/wordpress\/\">Pauli Forman blogi<\/a> ja <a href=\"http:\/\/pauliforma.fi\/raaseporilainenkeittio\/\">Raaseporilainen keitti\u00f6<\/a>.<\/p>\n<p>T\u00e4ss\u00e4 blogissa kirjoitan ty\u00f6el\u00e4m\u00e4\u00e4n liittyvist\u00e4 aiheista, lukemistani kirjoista sek\u00e4 my\u00f6s harrastuksiin liittyvi\u00e4 kirjoituksia.<\/p>\n<p>Blogin nimi juontaa juurensa siit\u00e4, ett\u00e4 vietin aikanaan runsaasti aikaa pendel\u00f6im\u00e4ll\u00e4 t\u00f6ihin Karjaalta Helsinkiin. Sittemmin ty\u00f6matkat ovat v\u00e4hentyneet et\u00e4ty\u00f6n lis\u00e4\u00e4ntymisen sek\u00e4 autoiluun siirtymisen my\u00f6t\u00e4.<\/p>\n<p>Toki tietysti asuinpaikkakuntani Karjaa sijaitsee my\u00f6s Rantaradan varrella.<\/p>\n<p><i>Pauli<\/i><\/p>\n","protected":false},"excerpt":{"rendered":"<p>Olen pit\u00e4nyt blogia erilaisilla alustoilla noin 20 vuotta. T\u00e4ll\u00e4 hetkell\u00e4 t\u00e4m\u00e4 blogi on ainoa aktiivisena oleva. Vanhempia blogeja ovat Pauli Forman blogi ja Raaseporilainen keitti\u00f6. T\u00e4ss\u00e4 blogissa kirjoitan ty\u00f6el\u00e4m\u00e4\u00e4n liittyvist\u00e4 aiheista, lukemistani kirjoista sek\u00e4 my\u00f6s harrastuksiin liittyvi\u00e4 kirjoituksia. Blogin nimi juontaa juurensa siit\u00e4, ett\u00e4 vietin aikanaan runsaasti aikaa pendel\u00f6im\u00e4ll\u00e4 t\u00f6ihin Karjaalta Helsinkiin. Sittemmin ty\u00f6matkat ovat &hellip; <\/p>\n<p class=\"link-more\"><a href=\"https:\/\/www.pauliforma.fi\/rantaradanvarrelta\/about\/\" class=\"more-link\">Jatka lukemista<span class=\"screen-reader-text\"> &#8221;Blogista&#8221;<\/span><\/a><\/p>\n","protected":false},"author":1,"featured_media":0,"parent":0,"menu_order":1,"comment_status":"open","ping_status":"open","template":"","meta":{"_monsterinsights_skip_tracking":false,"_monsterinsights_sitenote_active":false,"_monsterinsights_sitenote_note":"","_monsterinsights_sitenote_category":0,"footnotes":""},"class_list":["post-2","page","type-page","status-publish","hentry"],"aioseo_notices":[],"_links":{"self":[{"href":"https:\/\/www.pauliforma.fi\/rantaradanvarrelta\/wp-json\/wp\/v2\/pages\/2","targetHints":{"allow":["GET"]}}],"collection":[{"href":"https:\/\/www.pauliforma.fi\/rantaradanvarrelta\/wp-json\/wp\/v2\/pages"}],"about":[{"href":"https:\/\/www.pauliforma.fi\/rantaradanvarrelta\/wp-json\/wp\/v2\/types\/page"}],"author":[{"embeddable":true,"href":"https:\/\/www.pauliforma.fi\/rantaradanvarrelta\/wp-json\/wp\/v2\/users\/1"}],"replies":[{"embeddable":true,"href":"https:\/\/www.pauliforma.fi\/rantaradanvarrelta\/wp-json\/wp\/v2\/comments?post=2"}],"version-history":[{"count":7,"href":"https:\/\/www.pauliforma.fi\/rantaradanvarrelta\/wp-json\/wp\/v2\/pages\/2\/revisions"}],"predecessor-version":[{"id":2681,"href":"https:\/\/www.pauliforma.fi\/rantaradanvarrelta\/wp-json\/wp\/v2\/pages\/2\/revisions\/2681"}],"wp:attachment":[{"href":"https:\/\/www.pauliforma.fi\/rantaradanvarrelta\/wp-json\/wp\/v2\/media?parent=2"}],"curies":[{"name":"wp","href":"https:\/\/api.w.org\/{rel}","templated":true}]}}